{"id":177,"date":"2016-03-17T09:31:00","date_gmt":"2016-03-17T08:31:00","guid":{"rendered":"http:\/\/ewerk-buchauer.de\/?page_id=177"},"modified":"2025-01-21T13:53:17","modified_gmt":"2025-01-21T12:53:17","slug":"hochlastzeitfenster-2","status":"publish","type":"page","link":"http:\/\/ewerk-buchauer.de\/index.php\/hochlastzeitfenster-2\/","title":{"rendered":"Hochlastzeitfenster"},"content":{"rendered":"<p style=\"text-align: left;\"><strong>Bekanntmachung des Hochlastzeitfensters f\u00fcr atypische Netznutzung des E-Werks Buchauer gem. \u00a7 19 Abs. 2 Satz 1 StromNEV<\/strong><\/p>\n<p style=\"text-align: left;\">Netzkunden mit atypischem Verbrauchsverhalten k\u00f6nnen nach \u00a7 19 Abs. 2 Satz 1 StromNEV ein individuelles Netznutzungsentgelt beantragen. Ein atypisches Verbrauchsverhalten ist gem\u00e4\u00df des Leitfadens zur Ermittlung individueller Netznutzungsentgelte der Bundesnetzagentur anhand von Hochlastzeitfenster zu bestimmen. Die Hochlastzeitfenster der einzelnen Spannungsebenen f\u00fcr 2015 wurden f\u00fcr das Netzgebiet des E-Werks Buchauer nach dem Leitfaden der Bundesnetzagentur ermittelt und sind nachfolgend dargestellt:<\/p>\n<p><a href=\"http:\/\/ewerk-buchauer.de\/wp-content\/uploads\/2025\/01\/HLZF_2025.pdf\" target=\"_blank\" rel=\"noopener\">Hochlastzeitfenster f\u00fcr 2025 (PDF)<\/a><\/p>\n<p><a href=\"http:\/\/ewerk-buchauer.de\/wp-content\/uploads\/2023\/12\/Hochlastzeitfenster-2024.pdf\" target=\"_blank\" rel=\"noopener\">Hochlastzeitfenster f\u00fcr 2024 (PDF)<\/a><\/p>\n<p><a href=\"http:\/\/ewerk-buchauer.de\/wp-content\/uploads\/2022\/10\/Hochlastzeitfenster2023.pdf\" target=\"_blank\" rel=\"noopener\">Hochlastzeitfenster f\u00fcr 2023 (PDF)<\/a><\/p>\n<p><a href=\"http:\/\/ewerk-buchauer.de\/wp-content\/uploads\/2021\/12\/Hochlastzeitfenster2022.pdf\" target=\"_blank\" rel=\"noopener\">Hochlastzeitfenster f\u00fcr 2022 (PDF)<\/a><\/p>\n<p style=\"text-align: left;\"><a href=\"http:\/\/ewerk-buchauer.de\/wp-content\/uploads\/2020\/12\/Hochlastzeitfenster2021.pdf\" target=\"_blank\" rel=\"noopener\">Hochlastzeitfenster f\u00fcr 2021 (PDF)<\/a><\/p>\n<p style=\"text-align: left;\">\n<p style=\"text-align: left;\">\n<p style=\"text-align: left;\">\n","protected":false},"excerpt":{"rendered":"<p>Bekanntmachung des Hochlastzeitfensters f\u00fcr atypische Netznutzung des E-Werks Buchauer gem. \u00a7 19 Abs. 2 Satz 1 StromNEV Netzkunden mit atypischem Verbrauchsverhalten k\u00f6nnen nach \u00a7 19 Abs. 2 Satz 1 StromNEV ein individuelles Netznutzungsentgelt beantragen. Ein atypisches Verbrauchsverhalten ist gem\u00e4\u00df des Leitfadens zur Ermittlung individueller Netznutzungsentgelte der Bundesnetzagentur anhand von Hochlastzeitfenster zu bestimmen. Die Hochlastzeitfenster der einzelnen Spannungsebenen f\u00fcr 2015 wurden f\u00fcr das Netzgebiet des E-Werks Buchauer nach dem Leitfaden der Bundesnetzagentur ermittelt und sind nachfolgend dargestellt: Hochlastzeitfenster f\u00fcr 2025 (PDF) Hochlastzeitfenster f\u00fcr 2024 (PDF) Hochlastzeitfenster f\u00fcr 2023 (PDF) Hochlastzeitfenster f\u00fcr 2022 (PDF) Hochlastzeitfenster f\u00fcr 2021 (PDF)<\/p>\n","protected":false},"author":1,"featured_media":0,"parent":0,"menu_order":0,"comment_status":"closed","ping_status":"closed","template":"","meta":[],"_links":{"self":[{"href":"http:\/\/ewerk-buchauer.de\/index.php\/wp-json\/wp\/v2\/pages\/177"}],"collection":[{"href":"http:\/\/ewerk-buchauer.de\/index.php\/wp-json\/wp\/v2\/pages"}],"about":[{"href":"http:\/\/ewerk-buchauer.de\/index.php\/wp-json\/wp\/v2\/types\/page"}],"author":[{"embeddable":true,"href":"http:\/\/ewerk-buchauer.de\/index.php\/wp-json\/wp\/v2\/users\/1"}],"replies":[{"embeddable":true,"href":"http:\/\/ewerk-buchauer.de\/index.php\/wp-json\/wp\/v2\/comments?post=177"}],"version-history":[{"count":22,"href":"http:\/\/ewerk-buchauer.de\/index.php\/wp-json\/wp\/v2\/pages\/177\/revisions"}],"predecessor-version":[{"id":2293,"href":"http:\/\/ewerk-buchauer.de\/index.php\/wp-json\/wp\/v2\/pages\/177\/revisions\/2293"}],"wp:attachment":[{"href":"http:\/\/ewerk-buchauer.de\/index.php\/wp-json\/wp\/v2\/media?parent=177"}],"curies":[{"name":"wp","href":"https:\/\/api.w.org\/{rel}","templated":true}]}}